{"id":293,"date":"2018-12-09T14:12:57","date_gmt":"2018-12-09T14:12:57","guid":{"rendered":"http:\/\/matthias-haenisch.de\/?page_id=293"},"modified":"2024-06-21T22:03:42","modified_gmt":"2024-06-21T22:03:42","slug":"text-and-talk","status":"publish","type":"page","link":"http:\/\/matthias-haenisch.de\/?page_id=293","title":{"rendered":"Text &#038; Talk"},"content":{"rendered":"\t\t<div data-elementor-type=\"wp-page\" data-elementor-id=\"293\" class=\"elementor elementor-293\" data-elementor-settings=\"[]\">\n\t\t\t\t\t\t\t<div class=\"elementor-section-wrap\">\n\t\t\t\t\t\t\t<section class=\"elementor-section elementor-top-section elementor-element elementor-element-9c5fb6c elementor-section-boxed elementor-section-height-default elementor-section-height-default\" data-id=\"9c5fb6c\" data-element_type=\"section\">\n\t\t\t\t\t\t<div class=\"elementor-container elementor-column-gap-default\">\n\t\t\t\t\t<div class=\"elementor-column elementor-col-100 elementor-top-column elementor-element elementor-element-0e530d1\" data-id=\"0e530d1\" data-element_type=\"column\">\n\t\t\t<div class=\"elementor-widget-wrap elementor-element-populated\">\n\t\t\t\t\t\t\t\t<div class=\"elementor-element elementor-element-67d7e61 elementor-widget elementor-widget-heading\" data-id=\"67d7e61\" data-element_type=\"widget\" data-widget_type=\"heading.default\">\n\t\t\t\t<div class=\"elementor-widget-container\">\n\t\t\t<h2 class=\"elementor-heading-title elementor-size-medium\">1. Digitalization and Cultural Education <\/h2>\t\t<\/div>\n\t\t\t\t<\/div>\n\t\t\t\t\t<\/div>\n\t\t<\/div>\n\t\t\t\t\t\t\t<\/div>\n\t\t<\/section>\n\t\t\t\t<section class=\"elementor-section elementor-top-section elementor-element elementor-element-ac6a193 elementor-section-boxed elementor-section-height-default elementor-section-height-default\" data-id=\"ac6a193\" data-element_type=\"section\">\n\t\t\t\t\t\t<div class=\"elementor-container elementor-column-gap-default\">\n\t\t\t\t\t<div class=\"elementor-column elementor-col-100 elementor-top-column elementor-element elementor-element-2bdeaaa\" data-id=\"2bdeaaa\" data-element_type=\"column\">\n\t\t\t<div class=\"elementor-widget-wrap elementor-element-populated\">\n\t\t\t\t\t\t\t\t<div class=\"elementor-element elementor-element-060ad82 elementor-widget elementor-widget-text-editor\" data-id=\"060ad82\" data-element_type=\"widget\" data-widget_type=\"text-editor.default\">\n\t\t\t\t<div class=\"elementor-widget-container\">\n\t\t\t\t\t\t\t\t<p>Haenisch, M., Godau, M., Maxelon, D., Barreiro, J. &amp; Neuhausen, T. (2023). Die Plattformisierung des Songwritings. Musik erfinden unter Bedingungen des short video turn am Beispiel von TikTok. In Tagungsband Nr. 44 des Arbeitskreises Musikp\u00e4dagogische Forschung. Waxmann: M\u00fcnster. [peer reviewed]<\/p>\n<p>Godau, M. &amp; Haenisch, M.: Herausforderungen fu\u0308r eine Popmusikp\u00e4dagogik des\u00a021. Jahrhunderts.\u00a0Kritische Anfragen an das Feld vor dem Hintergrund der musikp\u00e4dagogischen Diskussion, In: Popul\u00e4re Musik \/ Kultur in der Jugendarbeit, hrsg. v.\u00a0Landesarbeitsgemeinschaft Popul\u00e4re Musik \/ Kultur Berlin e.V.\u00a0(LAG Pop), Berlin 2022, S. 21-65.<\/p>\n<p>Weidner, V., Haenisch, M., Stenzel, M. &amp; Godau, M.: \u00bbAdressierungspraktiken in der\u00a0Ableton Link-Community \u2013 ein (cyber-)ethnographischer Zugang\u00ab, in: Musikmachdinge im Kontext. Forschungszug\u00e4nge zur Soziomaterialit\u00e4t von Musiktechnologie, hrsg. v. Ahlers, M., J\u00f6rissen, B., Donner, M. &amp; Wernicke, C., Hildesheim: Olms 2022.\u00a0<a href=\"http:\/\/matthias-haenisch.de\/wp-content\/uploads\/2022\/09\/MMD_06_MMD_im_Kontext.pdf\">&gt;&gt;&gt; download<\/a><\/p>\n<p>Eusterbrock, L., Godau, M., Haenisch, M. &amp; Rolle, C.: Spielwiese und Spielzeug. Ludische Qualit\u00e4ten \u00e4sthetischer Erfahrung in der Appmusikpraxis. In V. Krupp-Schleussner, A. Niessen &amp; V. Weidner (Hrsg.),\u00a0Musikp\u00e4dagogische Forschung Bd. 42. M\u00fcnster: Waxmann. [peer reviewed]<\/p>\n<p>Eusterbrock, L., Godau, M., Haenisch, M., Krebs, M. &amp; Rolle, C.: Von \u201ainspirierenden Orten\u2018 und \u201aSafe Places\u2018. Die \u00e4sthetische Nutzung von Orten in der Appmusikpraxis. In J. Hasselhorn, O. Kautny &amp; F. Platz (Hrsg.),\u00a0Musikp\u00e4dagogik im Spannungsfeld von Reflexion und Intervention(Musikp\u00e4dagogische Forschung, Bd. 41, S. 155\u2013173). M\u00fcnster: Waxmann. [peer reviewed]<\/p>\n<p>Rolle, C., Eusterbrock, L., Fiedler, D., Friedmann, S., Godau, M., Haenisch, M. et al.: Forschungsans\u00e4tze im Dialog. Zum Verh\u00e4ltnis unterschiedlicher theoretischer und methodischer Zug\u00e4nge zu musikalischer Bildung mit Digitaltechnologien. Symposiumsbericht. In V. Krupp-Schleussner, A. Niessen\u00a0 &amp; V. Weidner (Hrsg.),\u00a0Musikp\u00e4dagogische Forschung Bd. 42. M\u00fcnster: Waxmann. [peer reviewed]<\/p>\n<p>Haenisch, M. &amp; Herrmann, K.: \u00bbComposing in the (Post)Digital Age\u00ab, presented at the Eighth International Conference on Music Learning Theory, \u00a0July 27-29,\u00a02021, Oak Park, Illinois<\/p>\n<p>Haenisch, M. &amp; Godau, M.: \u00bbDas Interview als \u00e4sthetische Kommunikation. Zur Frage des empirischen Zugangs zu \u00e4sthetischen Erfahrungen\u00ab, in: Subjekte Kultureller Bildung. Empirische Forschung zu Bildungsprozessen in Tanz, Theater und Performance, hrsg. v. \u00a0Anne Hartmann, Katarina Kleinschmidt &amp; Eliana Sch\u00fcler, M\u00fcnchen 2021. [peer reviewed]<\/p>\n<p>Stenzel, M., Weidner, V., Haenisch, M. &amp; Godau, M.: \u00bbBecoming LINKed \u2013 Processes of Subjectivation in Online Communication about Digital Networked Musicking\u00ab, lecture at\u00a0MUSIC IN THE DISRUPTIVE ERA: THE DIGITAL, THE INTERNET AND BEYOND at Lucca, Complesso Monumentale di San Micheletto 14-16 December 2019\u00a0<a href=\"https:\/\/www.luigiboccherini.org\/wp-content\/uploads\/2019\/05\/Music-in-the-Disruptive-Era_Programme.pdf\">&gt; read more<\/a><\/p>\n<p>Godau, M. &amp; Haenisch, M.:\u00a0\u00bbHow Popular Musicians Learn in the Postdigital Age \u2013\u00a0Ergebnisse einer Studie zur Soziomaterialit\u00e4t des Songwritings von Bands in informellen Kontexten\u00ab, in: Praxen und Diskurse aus Sicht Musikp\u00e4dagogischer Forschung, hrsg. v. Verena Weidner &amp; Christian Rolle, M\u00fcnster\/New York 2019, 51-68. [peer reviewed]<\/p>\n<p>Weidner, V., Stenzel, M., Godau, M. &amp; Haenisch, M.: \u00bb\u203a&#8230; like being in a band, baby!!\u2039\u00a0Postdigitale Semantiken in der Online-Kommunikation um Ableton Link\u00ab, in: Praxen und Diskurse aus Sicht Musikp\u00e4dagogischer Forschung, hrsg. v. Verena Weidner &amp; Christian Rolle, M\u00fcnster\/New York 2019. [peer reviewed]<\/p>\n<p>Benjamin J\u00f6rissen,\u00a0Friederike Schmiedl, Elke M\u00f6ller, Lisa Unterberg, Marc Godau, Linus Eusterbrock, Daniel Fiedler, Matthias Haenisch,\u00a0Johannes Hasselhorn, Jens Knigge, Matthias Krebs, Melanie Nagel,\u00a0Christian Rolle, Maurice Stenzel, Verena Weidner: \u00bbDigitalization and arts education \u2013 New empirical approaches\u00ab, in: Contemporary research in Arts Education, ed. by Council of Art Education, Essen 2019, 22-29.\u00a0<a href=\"https:\/\/www.rat-kulturelle-bildung.de\/fileadmin\/user_upload\/Contemporary_Research_Topics_in_Arts_Education_Web_DS.pdf\">&gt; download<\/a><\/p>\n<p>Marc Godau, Linus Eusterbrock, Matthias Haenisch, Johannes Hasselhorn, Jens Knigge, Matthias\u00a0Krebs, Christian Rolle, Maurice Stenzel, Verena Weidner: \u00bbMuBiTec \u2013 Musikalische Bildung mit mobilen\u00a0Digitaltechnologien\u00ab, in:\u00a0Forschung zur Digitalisierung in der Kulturellen Bildung, hrsg. v. Benjamin J\u00f6rissen, Stefan Kr\u00f6ner, Lisa Unterberg, M\u00fcnchen: Kopaed 2019.<\/p>\n<p>\u00a0<\/p>\t\t\t\t\t\t<\/div>\n\t\t\t\t<\/div>\n\t\t\t\t\t<\/div>\n\t\t<\/div>\n\t\t\t\t\t\t\t<\/div>\n\t\t<\/section>\n\t\t\t\t<section class=\"elementor-section elementor-top-section elementor-element elementor-element-9ad0b1f elementor-section-boxed elementor-section-height-default elementor-section-height-default\" data-id=\"9ad0b1f\" data-element_type=\"section\">\n\t\t\t\t\t\t<div class=\"elementor-container elementor-column-gap-default\">\n\t\t\t\t\t<div class=\"elementor-column elementor-col-100 elementor-top-column elementor-element elementor-element-e2e174f\" data-id=\"e2e174f\" data-element_type=\"column\">\n\t\t\t<div class=\"elementor-widget-wrap elementor-element-populated\">\n\t\t\t\t\t\t\t\t<div class=\"elementor-element elementor-element-98ece3c elementor-widget elementor-widget-heading\" data-id=\"98ece3c\" data-element_type=\"widget\" data-widget_type=\"heading.default\">\n\t\t\t\t<div class=\"elementor-widget-container\">\n\t\t\t<h2 class=\"elementor-heading-title elementor-size-medium\">2. Improvisation and Performance Studies | Sociology and Anthropolgy of Music<\/h2>\t\t<\/div>\n\t\t\t\t<\/div>\n\t\t\t\t\t<\/div>\n\t\t<\/div>\n\t\t\t\t\t\t\t<\/div>\n\t\t<\/section>\n\t\t\t\t<section class=\"elementor-section elementor-top-section elementor-element elementor-element-430178c elementor-section-boxed elementor-section-height-default elementor-section-height-default\" data-id=\"430178c\" data-element_type=\"section\">\n\t\t\t\t\t\t<div class=\"elementor-container elementor-column-gap-default\">\n\t\t\t\t\t<div class=\"elementor-column elementor-col-100 elementor-top-column elementor-element elementor-element-675dac81\" data-id=\"675dac81\" data-element_type=\"column\">\n\t\t\t<div class=\"elementor-widget-wrap elementor-element-populated\">\n\t\t\t\t\t\t\t\t<div class=\"elementor-element elementor-element-54c4b8c5 elementor-widget elementor-widget-text-editor\" data-id=\"54c4b8c5\" data-element_type=\"widget\" data-widget_type=\"text-editor.default\">\n\t\t\t\t<div class=\"elementor-widget-container\">\n\t\t\t\t\t\t\t\t<p><!-- wp:image {\"id\":882} --><\/p>\n<figure><\/figure>\n<p><!-- \/wp:image --><\/p>\n<p>Haenisch, M., Barreiro, J., Hutter, E., Kleist, L., Le, M. &amp; Levita, B.: \u00bb\u00d6ffnen und schlie\u00dfen \u2013 Transformation von Raumordnungen und -praktiken in der Echtzeitmusik-Szene w\u00e4hrend der Pandemie\u00ab, Vortrag, Symposium Labor Sonor : Translating Spaces, 27.-29. August 2021, Berlin.<\/p>\n<p>Matthias Haenisch: Metaphern \u00e4sthetischer Praxis \u2013 Zur Rekonstruktion impliziten Wissens in zeitgen\u00f6ssischer Improvisation \/\u00a0Metaphors of Aesthetic Practice \u2013 On the Reconstruction of Implicit Knowledge in Contemporary Improvisation, Vortrag beim Jour Fixe der Berlin-Brandenburgischen Musikwissenschaft, Diskursive und empirische\u00a0Ans\u00e4tze zur \u00c4sthetik improvisierter Musik, Universit\u00e4t Potsdam 1407.2017. <a href=\"http:\/\/matthias-haenisch.de\/?p=97\" target=\"_blank\" rel=\"noopener noreferrer\">&gt; read more<\/a><\/p>\n<p>Matthias Haenisch \/ Marc Godau: \u201cImprovisierendes Wissen.\u00a0Perspektiven einer systemisch-konstruktivistischen Improvisationsforschung\u201d, in:\u00a0Improvisation erforschen \u2013 improvisierend forschen \/ Researching Improvisation \u2013 Researching by Improvisation, hrsg. v. Reinhard Gagel, Matthias Schwabe, Bielefeld: Transcript 2016. <a href=\"http:\/\/www.transcript-verlag.de\/978-3-8376-3188-3\/improvisation-erforschen-improvisierend-forschen-\/-researching-improvisation-researching-by-improvisation\">&gt; read more<\/a><\/p>\n<p>Matthias Haenisch \/ Marc Godau: \u201cImplizites Wissen in der Improvisation.\u00a0Methoden und Ergebnisse eines Forschungsprojekts zu Lernprozessen zeitgen\u00f6ssischen Improvisierens\u201d, Jahrestagung\u00a0ARBEITSKREIS\u00a0MUSIKP\u00c4DAGOGISCHE\u00a0FORSCHUNG\u00a0E.\u00a0V.\u00a0AMPF, 2.-5. Oktober 2015, Erfurt. <a href=\"http:\/\/www.ampf.info\/\">&gt; read more<\/a><\/p>\n<p>Haenisch, M., \u00bbKulturen der \u00dcbersetzung. Improvisation als Medium transkultureller \u00dcbersetzung\u00ab,\u00a0\u00a0Symposium <em>LABOR DISKURS : TRANSLATING MUSIC<\/em>,\u00a0Berlin, Ballhaus Ost, 29.-30. August 2015.\u00a0<a href=\"http:\/\/laborsonor.de\/festival\/\">&gt; read more<\/a><\/p>\n<p>Matthias Haenisch, \u00bbDas Musikinstrument\u00a0als\u00a0Experimentalsystem und als Akteur. Technische Objekte und epistemische Dinge im Kontext experimenteller Auff\u00fchrungspraxis\u00ab, Arbeitstagung <em>Musikformulare und Presets &#8211;\u00a0Musikkulturalisierung und Technik\/Technologie<\/em>,\u00a0Institut f\u00fcr Musik und Musikwissenschaft, Universit\u00e4t Hildesheim,\u00a0Kulturcampus Dom\u00e4ne Marienburg,\u00a029.30.05.2015.<\/p>\n<p>Matthias Haenisch, \u00bbMethoden musikwissenschaftlicher Praxisforschung: Video-Stimulated-Recall und Videointeraktionsanalyse\u00ab,\u00a0Gastvortrag im Masterstudiengang\u00a0Methoden musiktherapeutischer Forschung und Praxis\u00a0der Hochschule Magdeburg-Stendal, 27.11.2014.<\/p>\n<p>Matthias Haenisch, \u00bbDie Macht der Dinge. Materialit\u00e4t und Auff\u00fchrungspraxis in zeitgen\u00f6ssischer Improvisation\u00ab\u2028,\u00a0Jahrestagung der Gesellschaft f\u00fcr Musikforschung 2014, Greifswald, 17.\u201320.09.2014.<\/p>\n<p>Matthias Haenisch, \u00bbImprovisieren(d) lernen \u2013 Zur Genese und Struktur \u00e4sthetischen Praxiswissens in der musikalischen Gruppenimprovisation\u00ab (gemeinsam mit Marc Godau),\u00a0Graduiertenkolleg\u00a0Theorie \u2013 Empirie \u2013 Praxis p\u00e4dagogischer Vermittlungsprozesse\u00a0Universit\u00e4t Potsdam, Golm, 04.07.2014.<\/p>\n<p>Matthias Haenisch, \u00bbVerteiltes Handeln \u2013 Wissen in Interaktion. Zur Performativit\u00e4t zeitgen\u00f6ssischer Improvisation\u00ab,\u00a0Auditive Wissenskulturen: Das Wissen klanglicher Praxis.\u00a0Interdisziplin\u00e4re Konferenz,\u00a0 Zentrum f\u00fcr Systematische Musikwissenschaft, Karl\u2010Franzens\u2010Universit\u00e4t, Graz\/Institut f\u00fcr Ethnomusikologie, Universit\u00e4t f\u00fcr Musik und darstellende Kunst, Graz, 19.\u201321. Juni 2014.<\/p>\n<p>Matthias Haenisch, Marc Godau \u00bbImprovisierendes Wissen\u00ab, Auditive Wissenskulturen \u2013 Das Wissen klanglicher Praxis,\u00a0Interdisziplin\u00e4re Konferenz,\u00a0 Zentrum f\u00fcr Systematische Musikwissenschaft, Karl\u2010Franzens\u2010Universit\u00e4t, Graz\/Institut f\u00fcr Ethnomusikologie, Universit\u00e4t f\u00fcr Musik und darstellende Kunst, Graz, 19.\u201321. Juni 2014.<\/p>\n<p>Matthias Haenisch, Marc Godau:\u00a0Improvisierendes Wissen. Performative Ko-Konstruktion \u00e4sthetischen Praxiswissens in der musikalischen Gruppenimprovisation.\u00a0Vortrag, Symposium Improvisation erforschen \u2013 Improvisierend forschen, Exploratorium Berlin, 30. + 31. Mai 2014.<\/p>\n<p>Matthias Haenisch, \u00bbImprovisation als System. Zur Interaktionsanalyse improvisierter Musik\u00ab,\u00a0Arbeitstagung der Fachgruppe Soziologie und Sozialgeschichte der Musik in der Gesellschaft f\u00fcr Musikforschung\u00a0(GfM) an der Universit\u00e4t f\u00fcr Musik und darstellende Kunst Wien \/ Institut f\u00fcr Musiksoziologie, 23.\u201325. <span lang=\"EN-US\">Mai 2014.\u00a0<\/span><a href=\"https:\/\/www.mdw.ac.at\/upload\/MDWeb\/ims\/downloads\/Book%20of%20Abstract-1.pdf\">&gt; read more<\/a><\/p>\n<p><span lang=\"EN-US\">Matthias Haenisch, \u00bbMateriality and Agency in Improvisation: Andrea Neumann\u2019s InsidePiano\u00ab, in:\u00a0Noise in and as Music, ed. by\u00a0 Aaron Cassidy and Aaron Einbond, Huddersfield: University of Huddersfield Press 2013. <a href=\"http:\/\/improvisationsforschung.de\/wp-content\/uploads\/2014\/10\/Haenisch_Materiality-and-Agency-in-Improvisation.pdf\">&gt; download<\/a><\/span><\/p>\n<p><span lang=\"EN-US\">Matthias Haenisch (Hrsg.), Improvisation. Theorie \u2013 Praxis \u2013 \u00c4sthetik. (<\/span><a href=\"http:\/\/kunsttexte.de\/auditive_perspektiven\" target=\"_blank\" rel=\"noopener noreferrer\"><span lang=\"EN-US\">kunsttexte.de\/auditive_perspektiven<\/span><\/a><span lang=\"EN-US\">, Nr. 2, 2012,\u00a0<\/span><span lang=\"EN-US\">www.kunsttexte.de<\/span><span lang=\"EN-US\">), mit Beitr\u00e4gen von\u00a0<\/span><span lang=\"EN-US\">Dirk Baecker<\/span><span lang=\"EN-US\">,\u00a0<\/span><span lang=\"EN-US\">Burkhard Beins<\/span><span lang=\"EN-US\">,\u00a0<\/span><span lang=\"EN-US\">Christa Br\u00fcstle<\/span><span lang=\"EN-US\">,\u00a0<\/span><span lang=\"EN-US\">Silvana Figueroa-Dreher<\/span><span lang=\"EN-US\">,\u00a0<\/span><span lang=\"EN-US\">Orm Finnendahl<\/span><span lang=\"EN-US\">, Mathias Maschat, Gisela Nauck. <a href=\"http:\/\/matthias-haenisch.de\/wp-content\/uploads\/2018\/12\/Haenisch_-Improvisation.-Theorie-\u2013-Praxis-\u2013-\u00c4sthetik.pdf\" target=\"_blank\" rel=\"noopener noreferrer\">&gt; download<\/a><\/span><\/p>\n<p>Matthias Haenisch, \u00bbTraces of Wood\u00ab, Liner Notes, Hat Hut Records, Basel 2011\/2013. <a href=\"http:\/\/matthias-haenisch.de\/wp-content\/uploads\/2019\/03\/traces_of_wood-1.pdf\" target=\"_blank\" rel=\"noopener noreferrer\">&gt; download<\/a><\/p>\n<p><span lang=\"EN-US\">Matthias Haenisch, \u00bbEmergence. On a Theoretical Term in Current Improvisation Research\u00ab, in:\u00a0Echtzeitmusik. <\/span>Selbstbestimmung einer Szene, hrsg. von Burkhard Beins, Christian Kesten, Gisela Nauck, Andrea Neumann, Hofheim: Wolke 2011. <a href=\"http:\/\/www.wolke-verlag.de\/echtzeitmusik-berlin-selbstbestimmung-einer-szene-self-defining-a-scene.html\">&gt; read more<\/a><\/p>\n<p>Matthias Haenisch, Art. \u00bbAtmosph\u00e4re\u00ab, in:\u00a0Lexikon der systematische Musikwissenschaft, hrsg. v. Helga de la Motte-Haber\/ Heinz von Loesch\/ G\u00fcnther R\u00f6tter \/Christian Utz [Handbuch der systematischen Musikwissenschaft\u00a06], Laaber 2009. <a href=\"http:\/\/www.laaber-verlag.wslv.de\/index.php?m=5&amp;n=5&amp;ID_Liste=77\">&gt; read more<\/a><\/p>\n<p>Matthias Haenisch, Art. \u00bbImprovisation\u00ab, in:\u00a0Das Beethoven-Lexikon, hrsg. v. Heinz von Loesch\/Claus Raab [Beethoven-Handbuch 6], Laaber: Laaber-Verlag 2008.<a href=\"http:\/\/www.laaber-verlag.wslv.de\/index.php?m=30&amp;n=74&amp;ID_Liste=119\"> &gt; read more<\/a><\/p>\n<p>\u00a0<\/p>\t\t\t\t\t\t<\/div>\n\t\t\t\t<\/div>\n\t\t\t\t\t<\/div>\n\t\t<\/div>\n\t\t\t\t\t\t\t<\/div>\n\t\t<\/section>\n\t\t\t\t\t\t<\/div>\n\t\t\t\t\t<\/div>\n\t\t","protected":false},"excerpt":{"rendered":"<p>1. Digitalization and Cultural Education Haenisch, M., Godau, M., Maxelon, D., Barreiro, J. &amp; Neuhausen, T. (2023). Die Plattformisierung des Songwritings. Musik erfinden unter Bedingungen [&hellip;]<\/p>\n","protected":false},"author":1,"featured_media":0,"parent":0,"menu_order":2,"comment_status":"closed","ping_status":"closed","template":"","meta":{"saved_in_kubio":false,"footnotes":""},"class_list":["post-293","page","type-page","status-publish","hentry"],"kubio_ai_page_context":{"short_desc":"","purpose":"general"},"_links":{"self":[{"href":"http:\/\/matthias-haenisch.de\/index.php?rest_route=\/wp\/v2\/pages\/293","targetHints":{"allow":["GET"]}}],"collection":[{"href":"http:\/\/matthias-haenisch.de\/index.php?rest_route=\/wp\/v2\/pages"}],"about":[{"href":"http:\/\/matthias-haenisch.de\/index.php?rest_route=\/wp\/v2\/types\/page"}],"author":[{"embeddable":true,"href":"http:\/\/matthias-haenisch.de\/index.php?rest_route=\/wp\/v2\/users\/1"}],"replies":[{"embeddable":true,"href":"http:\/\/matthias-haenisch.de\/index.php?rest_route=%2Fwp%2Fv2%2Fcomments&post=293"}],"version-history":[{"count":126,"href":"http:\/\/matthias-haenisch.de\/index.php?rest_route=\/wp\/v2\/pages\/293\/revisions"}],"predecessor-version":[{"id":1829,"href":"http:\/\/matthias-haenisch.de\/index.php?rest_route=\/wp\/v2\/pages\/293\/revisions\/1829"}],"wp:attachment":[{"href":"http:\/\/matthias-haenisch.de\/index.php?rest_route=%2Fwp%2Fv2%2Fmedia&parent=293"}],"curies":[{"name":"wp","href":"https:\/\/api.w.org\/{rel}","templated":true}]}}